{"id":725,"date":"2023-06-21T13:18:41","date_gmt":"2023-06-21T13:18:41","guid":{"rendered":"http:\/\/casamiret.ergatesweb7.ovh\/wp-content\/uploads\/2023\/06\/monestir-de-poblet.jpg"},"modified":"2023-06-21T13:18:41","modified_gmt":"2023-06-21T13:18:41","slug":"aerial-views-of-the-poblet-abbey-at-sunset-among-vineyards-tarragona-province-catalonia-spain-2","status":"inherit","type":"attachment","link":"https:\/\/casamiret.com\/es\/entorno\/aerial-views-of-the-poblet-abbey-at-sunset-among-vineyards-tarragona-province-catalonia-spain-2\/","title":{"rendered":"Casa Miret"},"author":3,"featured_media":0,"comment_status":"closed","ping_status":"closed","template":"","meta":[],"class_list":["post-725","attachment","type-attachment","status-inherit","hentry"],"yoast_head":"<!-- This site is optimized with the Yoast SEO plugin v27.5 - https:\/\/yoast.com\/product\/yoast-seo-wordpress\/ -->\n<title>Casa Miret - Casa Miret<\/title>\n<meta name=\"robots\" content=\"index, follow, max-snippet:-1, max-image-preview:large, max-video-preview:-1\" \/>\n<link rel=\"canonical\" href=\"https:\/\/casamiret.com\/es\/entorno\/aerial-views-of-the-poblet-abbey-at-sunset-among-vineyards-tarragona-province-catalonia-spain-2\/\" \/>\n<meta property=\"og:locale\" content=\"es_ES\" \/>\n<meta property=\"og:type\" content=\"article\" \/>\n<meta property=\"og:title\" content=\"Casa Miret - Casa Miret\" \/>\n<meta property=\"og:description\" content=\"Casa Miret\" \/>\n<meta property=\"og:url\" content=\"https:\/\/casamiret.com\/es\/entorno\/aerial-views-of-the-poblet-abbey-at-sunset-among-vineyards-tarragona-province-catalonia-spain-2\/\" \/>\n<meta property=\"og:site_name\" content=\"Casa Miret\" \/>\n<meta property=\"og:image\" content=\"https:\/\/casamiret.com\/wp-content\/uploads\/2023\/06\/monestir-de-poblet.jpg\" \/>\n\t<meta property=\"og:image:width\" content=\"1920\" \/>\n\t<meta property=\"og:image:height\" content=\"1279\" \/>\n\t<meta property=\"og:image:type\" content=\"image\/jpeg\" \/>\n<meta name=\"twitter:card\" content=\"summary_large_image\" \/>\n<script type=\"application\/ld+json\" class=\"yoast-schema-graph\">{\"@context\":\"https:\\\/\\\/schema.org\",\"@graph\":[{\"@type\":\"WebPage\",\"@id\":\"https:\\\/\\\/casamiret.com\\\/es\\\/entorno\\\/aerial-views-of-the-poblet-abbey-at-sunset-among-vineyards-tarragona-province-catalonia-spain-2\\\/\",\"url\":\"https:\\\/\\\/casamiret.com\\\/es\\\/entorno\\\/aerial-views-of-the-poblet-abbey-at-sunset-among-vineyards-tarragona-province-catalonia-spain-2\\\/\",\"name\":\"Casa Miret - Casa Miret\",\"isPartOf\":{\"@id\":\"https:\\\/\\\/casamiret.com\\\/es\\\/#website\"},\"datePublished\":\"2023-06-21T13:18:41+00:00\",\"breadcrumb\":{\"@id\":\"https:\\\/\\\/casamiret.com\\\/es\\\/entorno\\\/aerial-views-of-the-poblet-abbey-at-sunset-among-vineyards-tarragona-province-catalonia-spain-2\\\/#breadcrumb\"},\"inLanguage\":\"es\",\"potentialAction\":[{\"@type\":\"ReadAction\",\"target\":[\"https:\\\/\\\/casamiret.com\\\/es\\\/entorno\\\/aerial-views-of-the-poblet-abbey-at-sunset-among-vineyards-tarragona-province-catalonia-spain-2\\\/\"]}]},{\"@type\":\"BreadcrumbList\",\"@id\":\"https:\\\/\\\/casamiret.com\\\/es\\\/entorno\\\/aerial-views-of-the-poblet-abbey-at-sunset-among-vineyards-tarragona-province-catalonia-spain-2\\\/#breadcrumb\",\"itemListElement\":[{\"@type\":\"ListItem\",\"position\":1,\"name\":\"Inici\",\"item\":\"https:\\\/\\\/casamiret.com\\\/es\\\/inicio\\\/\"},{\"@type\":\"ListItem\",\"position\":2,\"name\":\"Entorno\",\"item\":\"https:\\\/\\\/casamiret.com\\\/es\\\/entorno\\\/\"},{\"@type\":\"ListItem\",\"position\":3,\"name\":\"Casa Miret\"}]},{\"@type\":\"WebSite\",\"@id\":\"https:\\\/\\\/casamiret.com\\\/es\\\/#website\",\"url\":\"https:\\\/\\\/casamiret.com\\\/es\\\/\",\"name\":\"Casa Miret\",\"description\":\"Casa nostra, casa vostra\",\"potentialAction\":[{\"@type\":\"SearchAction\",\"target\":{\"@type\":\"EntryPoint\",\"urlTemplate\":\"https:\\\/\\\/casamiret.com\\\/es\\\/?s={search_term_string}\"},\"query-input\":{\"@type\":\"PropertyValueSpecification\",\"valueRequired\":true,\"valueName\":\"search_term_string\"}}],\"inLanguage\":\"es\"}]}<\/script>\n<!-- \/ Yoast SEO plugin. -->","yoast_head_json":{"title":"Casa Miret - Casa Miret","robots":{"index":"index","follow":"follow","max-snippet":"max-snippet:-1","max-image-preview":"max-image-preview:large","max-video-preview":"max-video-preview:-1"},"canonical":"https:\/\/casamiret.com\/es\/entorno\/aerial-views-of-the-poblet-abbey-at-sunset-among-vineyards-tarragona-province-catalonia-spain-2\/","og_locale":"es_ES","og_type":"article","og_title":"Casa Miret - Casa Miret","og_description":"Casa Miret","og_url":"https:\/\/casamiret.com\/es\/entorno\/aerial-views-of-the-poblet-abbey-at-sunset-among-vineyards-tarragona-province-catalonia-spain-2\/","og_site_name":"Casa Miret","og_image":[{"width":1920,"height":1279,"url":"https:\/\/casamiret.com\/wp-content\/uploads\/2023\/06\/monestir-de-poblet.jpg","type":"image\/jpeg"}],"twitter_card":"summary_large_image","schema":{"@context":"https:\/\/schema.org","@graph":[{"@type":"WebPage","@id":"https:\/\/casamiret.com\/es\/entorno\/aerial-views-of-the-poblet-abbey-at-sunset-among-vineyards-tarragona-province-catalonia-spain-2\/","url":"https:\/\/casamiret.com\/es\/entorno\/aerial-views-of-the-poblet-abbey-at-sunset-among-vineyards-tarragona-province-catalonia-spain-2\/","name":"Casa Miret - Casa Miret","isPartOf":{"@id":"https:\/\/casamiret.com\/es\/#website"},"datePublished":"2023-06-21T13:18:41+00:00","breadcrumb":{"@id":"https:\/\/casamiret.com\/es\/entorno\/aerial-views-of-the-poblet-abbey-at-sunset-among-vineyards-tarragona-province-catalonia-spain-2\/#breadcrumb"},"inLanguage":"es","potentialAction":[{"@type":"ReadAction","target":["https:\/\/casamiret.com\/es\/entorno\/aerial-views-of-the-poblet-abbey-at-sunset-among-vineyards-tarragona-province-catalonia-spain-2\/"]}]},{"@type":"BreadcrumbList","@id":"https:\/\/casamiret.com\/es\/entorno\/aerial-views-of-the-poblet-abbey-at-sunset-among-vineyards-tarragona-province-catalonia-spain-2\/#breadcrumb","itemListElement":[{"@type":"ListItem","position":1,"name":"Inici","item":"https:\/\/casamiret.com\/es\/inicio\/"},{"@type":"ListItem","position":2,"name":"Entorno","item":"https:\/\/casamiret.com\/es\/entorno\/"},{"@type":"ListItem","position":3,"name":"Casa Miret"}]},{"@type":"WebSite","@id":"https:\/\/casamiret.com\/es\/#website","url":"https:\/\/casamiret.com\/es\/","name":"Casa Miret","description":"Casa nostra, casa vostra","potentialAction":[{"@type":"SearchAction","target":{"@type":"EntryPoint","urlTemplate":"https:\/\/casamiret.com\/es\/?s={search_term_string}"},"query-input":{"@type":"PropertyValueSpecification","valueRequired":true,"valueName":"search_term_string"}}],"inLanguage":"es"}]}},"description":{"rendered":"<p class=\"attachment\"><a href='https:\/\/casamiret.com\/wp-content\/uploads\/2023\/06\/monestir-de-poblet.jpg'><img loading=\"lazy\" decoding=\"async\" width=\"300\" height=\"200\" src=\"https:\/\/casamiret.com\/wp-content\/uploads\/2023\/06\/monestir-de-poblet-300x200.jpg\" class=\"attachment-medium size-medium\" alt=\"\" srcset=\"https:\/\/casamiret.com\/wp-content\/uploads\/2023\/06\/monestir-de-poblet-300x200.jpg 300w, https:\/\/casamiret.com\/wp-content\/uploads\/2023\/06\/monestir-de-poblet-1030x686.jpg 1030w, https:\/\/casamiret.com\/wp-content\/uploads\/2023\/06\/monestir-de-poblet-768x512.jpg 768w, https:\/\/casamiret.com\/wp-content\/uploads\/2023\/06\/monestir-de-poblet-1536x1023.jpg 1536w, https:\/\/casamiret.com\/wp-content\/uploads\/2023\/06\/monestir-de-poblet-1500x999.jpg 1500w, https:\/\/casamiret.com\/wp-content\/uploads\/2023\/06\/monestir-de-poblet-705x470.jpg 705w, https:\/\/casamiret.com\/wp-content\/uploads\/2023\/06\/monestir-de-poblet.jpg 1920w\" sizes=\"auto, (max-width: 300px) 100vw, 300px\" \/><\/a><\/p>\n<p>Casa Miret<\/p>\n"},"caption":{"rendered":"<p>Casa Miret<\/p>\n"},"alt_text":"","media_type":"image","mime_type":"image\/jpeg","media_details":{"width":1920,"height":1279,"file":"2023\/06\/monestir-de-poblet.jpg","filesize":766810,"sizes":{"medium":{"file":"monestir-de-poblet-300x200.jpg","width":300,"height":200,"filesize":166670,"mime_type":"image\/jpeg","source_url":"https:\/\/casamiret.com\/wp-content\/uploads\/2023\/06\/monestir-de-poblet-300x200.jpg"},"large":{"file":"monestir-de-poblet-1030x686.jpg","width":1030,"height":686,"filesize":1064520,"mime_type":"image\/jpeg","source_url":"https:\/\/casamiret.com\/wp-content\/uploads\/2023\/06\/monestir-de-poblet-1030x686.jpg"},"thumbnail":{"file":"monestir-de-poblet-80x80.jpg","width":80,"height":80,"filesize":77250,"mime_type":"image\/jpeg","source_url":"https:\/\/casamiret.com\/wp-content\/uploads\/2023\/06\/monestir-de-poblet-80x80.jpg"},"medium_large":{"file":"monestir-de-poblet-768x512.jpg","width":768,"height":512,"filesize":649452,"mime_type":"image\/jpeg","source_url":"https:\/\/casamiret.com\/wp-content\/uploads\/2023\/06\/monestir-de-poblet-768x512.jpg"},"1536x1536":{"file":"monestir-de-poblet-1536x1023.jpg","width":1536,"height":1023,"filesize":2045906,"mime_type":"image\/jpeg","source_url":"https:\/\/casamiret.com\/wp-content\/uploads\/2023\/06\/monestir-de-poblet-1536x1023.jpg"},"widget":{"file":"monestir-de-poblet-36x36.jpg","width":36,"height":36,"filesize":68587,"mime_type":"image\/jpeg","source_url":"https:\/\/casamiret.com\/wp-content\/uploads\/2023\/06\/monestir-de-poblet-36x36.jpg"},"square":{"file":"monestir-de-poblet-180x180.jpg","width":180,"height":180,"filesize":122142,"mime_type":"image\/jpeg","source_url":"https:\/\/casamiret.com\/wp-content\/uploads\/2023\/06\/monestir-de-poblet-180x180.jpg"},"featured":{"file":"monestir-de-poblet-1500x430.jpg","width":1500,"height":430,"filesize":1002861,"mime_type":"image\/jpeg","source_url":"https:\/\/casamiret.com\/wp-content\/uploads\/2023\/06\/monestir-de-poblet-1500x430.jpg"},"featured_large":{"file":"monestir-de-poblet-1500x630.jpg","width":1500,"height":630,"filesize":1412862,"mime_type":"image\/jpeg","source_url":"https:\/\/casamiret.com\/wp-content\/uploads\/2023\/06\/monestir-de-poblet-1500x630.jpg"},"extra_large":{"file":"monestir-de-poblet-1500x999.jpg","width":1500,"height":999,"filesize":1999077,"mime_type":"image\/jpeg","source_url":"https:\/\/casamiret.com\/wp-content\/uploads\/2023\/06\/monestir-de-poblet-1500x999.jpg"},"portfolio":{"file":"monestir-de-poblet-495x400.jpg","width":495,"height":400,"filesize":371305,"mime_type":"image\/jpeg","source_url":"https:\/\/casamiret.com\/wp-content\/uploads\/2023\/06\/monestir-de-poblet-495x400.jpg"},"portfolio_small":{"file":"monestir-de-poblet-260x185.jpg","width":260,"height":185,"filesize":148060,"mime_type":"image\/jpeg","source_url":"https:\/\/casamiret.com\/wp-content\/uploads\/2023\/06\/monestir-de-poblet-260x185.jpg"},"gallery":{"file":"monestir-de-poblet-845x684.jpg","width":845,"height":684,"filesize":882138,"mime_type":"image\/jpeg","source_url":"https:\/\/casamiret.com\/wp-content\/uploads\/2023\/06\/monestir-de-poblet-845x684.jpg"},"magazine":{"file":"monestir-de-poblet-710x375.jpg","width":710,"height":375,"filesize":491288,"mime_type":"image\/jpeg","source_url":"https:\/\/casamiret.com\/wp-content\/uploads\/2023\/06\/monestir-de-poblet-710x375.jpg"},"masonry":{"file":"monestir-de-poblet-705x470.jpg","width":705,"height":470,"filesize":568880,"mime_type":"image\/jpeg","source_url":"https:\/\/casamiret.com\/wp-content\/uploads\/2023\/06\/monestir-de-poblet-705x470.jpg"},"entry_with_sidebar":{"file":"monestir-de-poblet-845x321.jpg","width":845,"height":321,"filesize":506428,"mime_type":"image\/jpeg","source_url":"https:\/\/casamiret.com\/wp-content\/uploads\/2023\/06\/monestir-de-poblet-845x321.jpg"},"entry_without_sidebar":{"file":"monestir-de-poblet-1210x423.jpg","width":1210,"height":423,"filesize":844744,"mime_type":"image\/jpeg","source_url":"https:\/\/casamiret.com\/wp-content\/uploads\/2023\/06\/monestir-de-poblet-1210x423.jpg"},"full":{"file":"monestir-de-poblet.jpg","width":1920,"height":1279,"mime_type":"image\/jpeg","source_url":"https:\/\/casamiret.com\/wp-content\/uploads\/2023\/06\/monestir-de-poblet.jpg"}},"image_meta":{"aperture":"4","credit":"Sergi Boixader","camera":"L1D-20c","caption":"ENG: Aerial views of the Poblet Abbey, at sunset, among vineyards (Tarragona province, Catalonia, Spain)\nESP: Vistas a\u00e9reas del Real Monasterio de Poblet, al atardecer, entre vi\u00f1edos (Conca de Barber\u00e0, Catalu\u00f1a, Espa\u00f1a)\nFR: Vues a\u00e9riennes de l'Abbaye de Poblet, au coucher du soleil, parmi les vignobles (province de Tarragone, Catalogne, Espagne)\nCAT: Vistes a\u00e8ries del Monestir de Poblet a la posta de Sol entre vinyes (Conca de Barber\u00e0, Catalunya)","created_timestamp":"1596747056","copyright":"Sergi Boixader","focal_length":"10.26","iso":"100","shutter_speed":"0.0083333333333333","title":"Aerial views of the Poblet Abbey, at sunset, among vineyards (Tarragona province, Catalonia, Spain)","orientation":"0","keywords":["Abbaye de Poblet, Acker, Aerial view, Aerial views, Afora, Afuera, Agricultura, Agriculture, Architecture, Arquitectura, Art, Art rom\u00e0nic, Arte, Arte rom\u00e1nico, Atardecer, Bell tower, Berg, Building, B\u00e2timent, B\u00e2timent monumental, Camp, Campanar, Campanario, Campanile, Campo, Camps, Catalogne, Catalonia, Catalunya, Catalu\u00f1a, Cel, Cep, Champ, Chiesa, Christianism, Christianisme, Church, Ciel, Cielo, Clocher, Conca de Barber\u00e0, Conreos, Conreu, Conreus, Coucher du Soleil, Countryside, Cristianisme, Cristianismo, Dron, Drone, Edad Medieval, Edat Medieval, Edifici, Edifici Monumental, Edificio, Edificio Monumental, Elevated view, Esgl\u00e9sia, Espagne, Espanya, Espa\u00f1a, Estate, Estiu, Europa, Europe, Exterior, Exteriors, Faith, Fe, Field, Fields, Foi, Geb\u00e4ude, Glockenturm, Golden Hour, Golden Light, Grapevine, Helicopter, Himmel, History, Iglesia, Kirche, Kunst, Landscape, Landschaftsmalerei, Medieval, Middle Ages, Monasterio de Poblet, Monestir de Poblet, Montagna, Montagne, Montagnes de Prades, Monta\u00f1a, Monta\u00f1as de Prades, Monte, Monument, Monumental Building, Monumento, Mount, Mountain, Moyen \u00c2ge, Muntanya, Muntanyes de Prades, Natur, Natura, Naturaleza, Nature, Outdoor, Outdoors, Outside, Paisaje, Paisatge, Paratge Natural de Poblet, Patrimoine mondial, Patrimoine mondial de l'UNESCO, Patrimoni de la Humanitat, Patrimonio de la Humanidad, Paysage, Poblet, Poblet Monastery, Posta de Sol, Prades Mountains, Provincia de Tarragona, Prov\u00edncia de Tarragona, Reial Monestir de Poblet, Religion, Religion catholique, Religi\u00f3, Religi\u00f3 Cat\u00f2lica, Religi\u00f3n, Religi\u00f3n Cat\u00f3lica, Roman, Roman Catholic, Romanesque, Rom\u00e0nic, Rom\u00e1nico, Royal Abbey of Santa Maria de Poblet, Rural, Santa Maria de Poblet, Scenery, Scenic, Serralada Prelitoral, Sky, Sol, Soleil, Sommer, Spain, Summer, Sun, Sundown, Sunset, Tarragona, Tarragona Province, Torre, Tour, Tourism, Tourisme, Tower, Travel, Turisme, Turismo, UNESCO, UNESCO World Heritage Site, Verano, Ver\u00e3o, Viajar, Viatjar, Vid, Vig"]},"optimus":{"profit":"99","quantity":100,"webp":0}},"post":539,"source_url":"https:\/\/casamiret.com\/wp-content\/uploads\/2023\/06\/monestir-de-poblet.jpg","_links":{"self":[{"href":"https:\/\/casamiret.com\/es\/wp-json\/wp\/v2\/media\/725","targetHints":{"allow":["GET"]}}],"collection":[{"href":"https:\/\/casamiret.com\/es\/wp-json\/wp\/v2\/media"}],"about":[{"href":"https:\/\/casamiret.com\/es\/wp-json\/wp\/v2\/types\/attachment"}],"author":[{"embeddable":true,"href":"https:\/\/casamiret.com\/es\/wp-json\/wp\/v2\/users\/3"}],"replies":[{"embeddable":true,"href":"https:\/\/casamiret.com\/es\/wp-json\/wp\/v2\/comments?post=725"}],"wp:attached-to":[{"embeddable":true,"post_type":"page","id":539,"href":"https:\/\/casamiret.com\/es\/wp-json\/wp\/v2\/pages\/539"}],"curies":[{"name":"wp","href":"https:\/\/api.w.org\/{rel}","templated":true}]}}